{"id":22772,"date":"2021-12-27T10:11:14","date_gmt":"2021-12-27T16:11:14","guid":{"rendered":"https:\/\/dev.airchecklab.com\/blog-prueba-avada\/"},"modified":"2021-12-27T10:11:31","modified_gmt":"2021-12-27T16:11:31","slug":"blog-prueba-avada","status":"publish","type":"page","link":"https:\/\/www.airchecklab.com\/es\/blog-prueba-avada\/","title":{"rendered":"Blog Prueba Avada"},"content":{"rendered":"<div class=\"fusion-fullwidth fullwidth-box fusion-builder-row-1 fusion-flex-container nonhundred-percent-fullwidth non-hundred-percent-height-scrolling\" style=\"--awb-border-radius-top-left:0px;--awb-border-radius-top-right:0px;--awb-border-radius-bottom-right:0px;--awb-border-radius-bottom-left:0px;\" ><div class=\"fusion-builder-row fusion-row fusion-flex-align-items-flex-start\" style=\"max-width:1227.2px;margin-left: calc(-4% \/ 2 );margin-right: calc(-4% \/ 2 );\"><div class=\"fusion-layout-column fusion_builder_column fusion-builder-column-0 fusion_builder_column_1_1 1_1 fusion-flex-column\" style=\"--awb-bg-size:cover;--awb-width-large:100%;--awb-spacing-right-large:1.92%;--awb-spacing-left-large:1.92%;--awb-width-medium:100%;--awb-order-medium:0;--awb-spacing-right-medium:1.92%;--awb-spacing-left-medium:1.92%;--awb-width-small:100%;--awb-order-small:0;--awb-spacing-right-small:1.92%;--awb-spacing-left-small:1.92%;\"><div class=\"fusion-column-wrapper fusion-column-has-shadow fusion-flex-justify-content-flex-start fusion-content-layout-column\"><div class=\"fusion-blog-shortcode fusion-blog-shortcode-1 fusion-blog-archive fusion-blog-layout-grid-wrapper fusion-blog-pagination\"><style type=\"text\/css\">.fusion-blog-shortcode-1 .fusion-blog-layout-grid .fusion-post-grid{padding:15px;}.fusion-blog-shortcode-1 .fusion-posts-container{margin-left: -15px !important; margin-right:-15px !important;}<\/style><div class=\"fusion-posts-container fusion-posts-container-pagination fusion-blog-rollover fusion-blog-layout-grid fusion-blog-layout-grid-2 isotope fusion-blog-layout-masonry\" data-pages=\"10\" data-grid-col-space=\"30\" style=\"margin: -15px -15px 0;min-height:500px;\"><article class=\"fusion-post-grid fusion-post-masonry post fusion-grid-sizer\"><\/article><article id=\"blog-1-post-31799\" class=\"fusion-post-masonry fusion-post-grid fusion-element-landscape fusion-element-portrait post-31799 post type-post status-publish format-standard has-post-thumbnail hentry category-comida category-fabricacion category-microbiologico tag-121-es tag-aire-comprimido tag-analisis-de-seguimiento tag-bcas-es tag-clases-de-pureza tag-micro-es tag-microorganismos tag-prueba-de-aire-comprimido\">\n<div class=\"fusion-post-wrapper fusion-masonary-is-transparent \" style=\"background-color:rgba(255,255,255,1);border:none;\"><div  class=\"fusion-masonry-element-container lazyload fusion-image-wrapper\" style=\"padding-top:calc((100% + 30px) * 0.8);\" data-bg=\"https:\/\/www.airchecklab.com\/wp-content\/uploads\/2025\/12\/packaged-foods-on-belt-scaled.jpeg\" aria-haspopup=\"true\">\n\t\t\t\t<img width=\"2560\" height=\"1695\" src=\"https:\/\/www.airchecklab.com\/wp-content\/uploads\/2025\/12\/packaged-foods-on-belt-scaled.jpeg\" class=\"attachment-full size-full lazyload wp-post-image\" alt=\"BCAS compressed air changes to iso 8573 purity classes\" decoding=\"async\" srcset=\"data:image\/svg+xml,%3Csvg%20xmlns%3D%27http%3A%2F%2Fwww.w3.org%2F2000%2Fsvg%27%20width%3D%272560%27%20height%3D%271695%27%20viewBox%3D%270%200%202560%201695%27%3E%3Crect%20width%3D%272560%27%20height%3D%271695%27%20fill-opacity%3D%220%22%2F%3E%3C%2Fsvg%3E\" data-orig-src=\"https:\/\/www.airchecklab.com\/wp-content\/uploads\/2025\/12\/packaged-foods-on-belt-scaled.jpeg\" data-srcset=\"https:\/\/www.airchecklab.com\/wp-content\/uploads\/2025\/12\/packaged-foods-on-belt-200x132.jpeg 200w, https:\/\/www.airchecklab.com\/wp-content\/uploads\/2025\/12\/packaged-foods-on-belt-400x265.jpeg 400w, https:\/\/www.airchecklab.com\/wp-content\/uploads\/2025\/12\/packaged-foods-on-belt-600x397.jpeg 600w, https:\/\/www.airchecklab.com\/wp-content\/uploads\/2025\/12\/packaged-foods-on-belt-800x530.jpeg 800w, https:\/\/www.airchecklab.com\/wp-content\/uploads\/2025\/12\/packaged-foods-on-belt-1200x795.jpeg 1200w, https:\/\/www.airchecklab.com\/wp-content\/uploads\/2025\/12\/packaged-foods-on-belt-scaled.jpeg 2560w\" data-sizes=\"auto\" \/><div class=\"fusion-rollover\">\n\t<div class=\"fusion-rollover-content\">\n\n\t\t\t\t\t\t\t\t\t\t\t\t\t\t<a class=\"fusion-rollover-link\" href=\"https:\/\/www.airchecklab.com\/es\/comida\/actualizacion-del-bcas-directrices-para-el-contacto-directo-e-indirecto-con-aire-comprimido\/\">Actualizaci\u00f3n del BCAS: Directrices para el contacto directo e indirecto con aire comprimido<\/a>\n\t\t\t\n\t\t\t\t\t\t\t\t\n\t\t\n\t\t\t\t\t\t\t\t\t\t\t\t<h4 class=\"fusion-rollover-title\">\n\t\t\t\t\t<a class=\"fusion-rollover-title-link\" href=\"https:\/\/www.airchecklab.com\/es\/comida\/actualizacion-del-bcas-directrices-para-el-contacto-directo-e-indirecto-con-aire-comprimido\/\">\n\t\t\t\t\t\tActualizaci\u00f3n del BCAS: Directrices para el contacto directo e indirecto con aire comprimido\t\t\t\t\t<\/a>\n\t\t\t\t<\/h4>\n\t\t\t\n\t\t\t\t\t\t\t\t\n\t\t\n\t\t\t\t\t\t<a class=\"fusion-link-wrapper\" href=\"https:\/\/www.airchecklab.com\/es\/comida\/actualizacion-del-bcas-directrices-para-el-contacto-directo-e-indirecto-con-aire-comprimido\/\" aria-label=\"Actualizaci\u00f3n del BCAS: Directrices para el contacto directo e indirecto con aire comprimido\"><\/a>\n\t<\/div>\n<\/div>\n<\/div>\n<div class=\"fusion-post-content-wrapper\" style=\"padding:30px 25px 20px 25px;background-color:rgba(255,255,255,1);\"><div class=\"fusion-post-content post-content\"><h2 class=\"blog-shortcode-post-title entry-title\">Actualizaci\u00f3n del BCAS: Directrices para el contacto directo e indirecto con aire comprimido<\/h2><p class=\"fusion-single-line-meta\">By <span class=\"vcard\"><span class=\"fn\"><a href=\"https:\/\/www.airchecklab.com\/es\/author\/jenny\/\" title=\"Entradas de Jenny Palkowitsh\" rel=\"author\">Jenny Palkowitsh<\/a><\/span><\/span><span class=\"fusion-inline-sep\">|<\/span><span class=\"updated\" style=\"display:none;\">2026-02-11T10:05:24-06:00<\/span><span>febrero 11th, 2026<\/span><span class=\"fusion-inline-sep\">|<\/span>Categories: <a href=\"https:\/\/www.airchecklab.com\/es\/category\/comida\/\" rel=\"category tag\">Comida<\/a>, <a href=\"https:\/\/www.airchecklab.com\/es\/category\/fabricacion\/\" rel=\"category tag\">Fabricaci\u00f3n<\/a>, <a href=\"https:\/\/www.airchecklab.com\/es\/category\/microbiologico\/\" rel=\"category tag\">Microbiol\u00f3gico<\/a><span class=\"fusion-inline-sep\">|<\/span><span class=\"meta-tags\">Tags: <a href=\"https:\/\/www.airchecklab.com\/es\/tag\/121-es\/\" rel=\"tag\">1:2:1<\/a>, <a href=\"https:\/\/www.airchecklab.com\/es\/tag\/aire-comprimido\/\" rel=\"tag\">aire comprimido<\/a>, <a href=\"https:\/\/www.airchecklab.com\/es\/tag\/analisis-de-seguimiento\/\" rel=\"tag\">An\u00e1lisis de seguimiento<\/a>, <a href=\"https:\/\/www.airchecklab.com\/es\/tag\/bcas-es\/\" rel=\"tag\">bcas<\/a>, <a href=\"https:\/\/www.airchecklab.com\/es\/tag\/clases-de-pureza\/\" rel=\"tag\">clases de pureza<\/a>, <a href=\"https:\/\/www.airchecklab.com\/es\/tag\/micro-es\/\" rel=\"tag\">micro<\/a>, <a href=\"https:\/\/www.airchecklab.com\/es\/tag\/microorganismos\/\" rel=\"tag\">Microorganismos<\/a>, <a href=\"https:\/\/www.airchecklab.com\/es\/tag\/prueba-de-aire-comprimido\/\" rel=\"tag\">prueba de aire comprimido<\/a><\/span><span class=\"fusion-inline-sep\">|<\/span><\/p><div class=\"fusion-post-content-container\"><p>Quienes no [...]<\/p><\/div><\/div><div class=\"fusion-meta-info\"><div class=\"fusion-alignleft\"><a class=\"fusion-read-more\" href=\"https:\/\/www.airchecklab.com\/es\/comida\/actualizacion-del-bcas-directrices-para-el-contacto-directo-e-indirecto-con-aire-comprimido\/\" aria-label=\"More on Actualizaci\u00f3n del BCAS: Directrices para el contacto directo e indirecto con aire comprimido\">Read More<\/a><\/div><div class=\"fusion-alignright\"><span>Comentarios desactivados<span class=\"screen-reader-text\"> en Actualizaci\u00f3n del BCAS: Directrices para el contacto directo e indirecto con aire comprimido<\/span><\/span><\/div><\/div><\/div><div class=\"fusion-clearfix\"><\/div><\/div>\n<\/article>\n<article id=\"blog-1-post-31781\" class=\"fusion-post-masonry fusion-post-grid fusion-element-landscape fusion-element-portrait post-31781 post type-post status-publish format-standard has-post-thumbnail hentry category-comida category-educacion category-fabricacion tag-aceite tag-agua tag-alec-thompson-es tag-analisis-de-seguimiento tag-brett-greenlee-es tag-calidad-del-aire tag-como-comprobar-el-aire-comprimido tag-contaminacion tag-particulas tag-prueba-de-aire tag-prueba-de-aire-comprimido tag-pruebas-de-calidad-del-aire tag-seminario-web tag-sqf-es\">\n<div class=\"fusion-post-wrapper fusion-masonary-is-transparent \" style=\"background-color:rgba(255,255,255,1);border:none;\"><div  class=\"fusion-masonry-element-container lazyload fusion-image-wrapper\" style=\"padding-top:calc((100% + 30px) * 0.8);\" data-bg=\"https:\/\/www.airchecklab.com\/wp-content\/uploads\/2025\/12\/AdobeStock_240470737-scaled.jpeg\" aria-haspopup=\"true\">\n\t\t\t\t<img width=\"2560\" height=\"1709\" src=\"https:\/\/www.airchecklab.com\/wp-content\/uploads\/2025\/12\/AdobeStock_240470737-scaled.jpeg\" class=\"attachment-full size-full lazyload wp-post-image\" alt=\"compressed air quality testing need to knows\" decoding=\"async\" srcset=\"data:image\/svg+xml,%3Csvg%20xmlns%3D%27http%3A%2F%2Fwww.w3.org%2F2000%2Fsvg%27%20width%3D%272560%27%20height%3D%271709%27%20viewBox%3D%270%200%202560%201709%27%3E%3Crect%20width%3D%272560%27%20height%3D%271709%27%20fill-opacity%3D%220%22%2F%3E%3C%2Fsvg%3E\" data-orig-src=\"https:\/\/www.airchecklab.com\/wp-content\/uploads\/2025\/12\/AdobeStock_240470737-scaled.jpeg\" data-srcset=\"https:\/\/www.airchecklab.com\/wp-content\/uploads\/2025\/12\/AdobeStock_240470737-200x134.jpeg 200w, https:\/\/www.airchecklab.com\/wp-content\/uploads\/2025\/12\/AdobeStock_240470737-400x267.jpeg 400w, https:\/\/www.airchecklab.com\/wp-content\/uploads\/2025\/12\/AdobeStock_240470737-600x401.jpeg 600w, https:\/\/www.airchecklab.com\/wp-content\/uploads\/2025\/12\/AdobeStock_240470737-800x534.jpeg 800w, https:\/\/www.airchecklab.com\/wp-content\/uploads\/2025\/12\/AdobeStock_240470737-1200x801.jpeg 1200w, https:\/\/www.airchecklab.com\/wp-content\/uploads\/2025\/12\/AdobeStock_240470737-scaled.jpeg 2560w\" data-sizes=\"auto\" \/><div class=\"fusion-rollover\">\n\t<div class=\"fusion-rollover-content\">\n\n\t\t\t\t\t\t\t\t\t\t\t\t\t\t<a class=\"fusion-rollover-link\" href=\"https:\/\/www.airchecklab.com\/es\/educacion\/pruebas-de-calidad-del-aire-comprimido-que-son-por-que-son-importantes-y-como-abordarlas-con-confianza\/\">Pruebas de calidad del aire comprimido: qu\u00e9 son, por qu\u00e9 son importantes y c\u00f3mo abordarlas con confianza<\/a>\n\t\t\t\n\t\t\t\t\t\t\t\t\n\t\t\n\t\t\t\t\t\t\t\t\t\t\t\t<h4 class=\"fusion-rollover-title\">\n\t\t\t\t\t<a class=\"fusion-rollover-title-link\" href=\"https:\/\/www.airchecklab.com\/es\/educacion\/pruebas-de-calidad-del-aire-comprimido-que-son-por-que-son-importantes-y-como-abordarlas-con-confianza\/\">\n\t\t\t\t\t\tPruebas de calidad del aire comprimido: qu\u00e9 son, por qu\u00e9 son importantes y c\u00f3mo abordarlas con confianza\t\t\t\t\t<\/a>\n\t\t\t\t<\/h4>\n\t\t\t\n\t\t\t\t\t\t\t\t\n\t\t\n\t\t\t\t\t\t<a class=\"fusion-link-wrapper\" href=\"https:\/\/www.airchecklab.com\/es\/educacion\/pruebas-de-calidad-del-aire-comprimido-que-son-por-que-son-importantes-y-como-abordarlas-con-confianza\/\" aria-label=\"Pruebas de calidad del aire comprimido: qu\u00e9 son, por qu\u00e9 son importantes y c\u00f3mo abordarlas con confianza\"><\/a>\n\t<\/div>\n<\/div>\n<\/div>\n<div class=\"fusion-post-content-wrapper\" style=\"padding:30px 25px 20px 25px;background-color:rgba(255,255,255,1);\"><div class=\"fusion-post-content post-content\"><h2 class=\"blog-shortcode-post-title entry-title\">Pruebas de calidad del aire comprimido: qu\u00e9 son, por qu\u00e9 son importantes y c\u00f3mo abordarlas con confianza<\/h2><p class=\"fusion-single-line-meta\">By <span class=\"vcard\"><span class=\"fn\"><a href=\"https:\/\/www.airchecklab.com\/es\/author\/jenny\/\" title=\"Entradas de Jenny Palkowitsh\" rel=\"author\">Jenny Palkowitsh<\/a><\/span><\/span><span class=\"fusion-inline-sep\">|<\/span><span class=\"updated\" style=\"display:none;\">2025-12-16T08:53:32-06:00<\/span><span>diciembre 16th, 2025<\/span><span class=\"fusion-inline-sep\">|<\/span>Categories: <a href=\"https:\/\/www.airchecklab.com\/es\/category\/comida\/\" rel=\"category tag\">Comida<\/a>, <a href=\"https:\/\/www.airchecklab.com\/es\/category\/educacion\/\" rel=\"category tag\">Educaci\u00f3n<\/a>, <a href=\"https:\/\/www.airchecklab.com\/es\/category\/fabricacion\/\" rel=\"category tag\">Fabricaci\u00f3n<\/a><span class=\"fusion-inline-sep\">|<\/span><span class=\"meta-tags\">Tags: <a href=\"https:\/\/www.airchecklab.com\/es\/tag\/aceite\/\" rel=\"tag\">aceite<\/a>, <a href=\"https:\/\/www.airchecklab.com\/es\/tag\/agua\/\" rel=\"tag\">agua<\/a>, <a href=\"https:\/\/www.airchecklab.com\/es\/tag\/alec-thompson-es\/\" rel=\"tag\">alec thompson<\/a>, <a href=\"https:\/\/www.airchecklab.com\/es\/tag\/analisis-de-seguimiento\/\" rel=\"tag\">An\u00e1lisis de seguimiento<\/a>, <a href=\"https:\/\/www.airchecklab.com\/es\/tag\/brett-greenlee-es\/\" rel=\"tag\">brett greenlee<\/a>, <a href=\"https:\/\/www.airchecklab.com\/es\/tag\/calidad-del-aire\/\" rel=\"tag\">calidad del aire<\/a>, <a href=\"https:\/\/www.airchecklab.com\/es\/tag\/como-comprobar-el-aire-comprimido\/\" rel=\"tag\">c\u00f3mo comprobar el aire comprimido<\/a>, <a href=\"https:\/\/www.airchecklab.com\/es\/tag\/contaminacion\/\" rel=\"tag\">contaminaci\u00f3n<\/a>, <a href=\"https:\/\/www.airchecklab.com\/es\/tag\/particulas\/\" rel=\"tag\">part\u00edculas<\/a>, <a href=\"https:\/\/www.airchecklab.com\/es\/tag\/prueba-de-aire\/\" rel=\"tag\">prueba de aire<\/a>, <a href=\"https:\/\/www.airchecklab.com\/es\/tag\/prueba-de-aire-comprimido\/\" rel=\"tag\">prueba de aire comprimido<\/a>, <a href=\"https:\/\/www.airchecklab.com\/es\/tag\/pruebas-de-calidad-del-aire\/\" rel=\"tag\">pruebas de calidad del aire<\/a>, <a href=\"https:\/\/www.airchecklab.com\/es\/tag\/seminario-web\/\" rel=\"tag\">seminario web<\/a>, <a href=\"https:\/\/www.airchecklab.com\/es\/tag\/sqf-es\/\" rel=\"tag\">SQF<\/a><\/span><span class=\"fusion-inline-sep\">|<\/span><\/p><div class=\"fusion-post-content-container\"><p>Cuando se  [...]<\/p><\/div><\/div><div class=\"fusion-meta-info\"><div class=\"fusion-alignleft\"><a class=\"fusion-read-more\" href=\"https:\/\/www.airchecklab.com\/es\/educacion\/pruebas-de-calidad-del-aire-comprimido-que-son-por-que-son-importantes-y-como-abordarlas-con-confianza\/\" aria-label=\"More on Pruebas de calidad del aire comprimido: qu\u00e9 son, por qu\u00e9 son importantes y c\u00f3mo abordarlas con confianza\">Read More<\/a><\/div><div class=\"fusion-alignright\"><span>Comentarios desactivados<span class=\"screen-reader-text\"> en Pruebas de calidad del aire comprimido: qu\u00e9 son, por qu\u00e9 son importantes y c\u00f3mo abordarlas con confianza<\/span><\/span><\/div><\/div><\/div><div class=\"fusion-clearfix\"><\/div><\/div>\n<\/article>\n<article id=\"blog-1-post-31761\" class=\"fusion-post-masonry fusion-post-grid fusion-element-landscape post-31761 post type-post status-publish format-standard has-post-thumbnail hentry category-bucear category-educacion category-fuego category-respirando-aire tag-aire-de-buceo tag-aire-para-submarinistas tag-aire-respirable-comprimido tag-aire-respirable-para-bomberos tag-con-que-frecuencia-debo-analizar-mi-aire tag-frecuencia-de-las-pruebas tag-frecuencia-de-las-pruebas-de-aire-respirable tag-nfpa-1989-es tag-nfpa-aire-respirable tag-osha-aire-comprimido tag-osha-respirando-aire tag-padi-es tag-prueba-de-aire-comprimido tag-prueba-de-aire-respirable tag-requisitos-osha\">\n<div class=\"fusion-post-wrapper fusion-masonary-is-transparent \" style=\"background-color:rgba(255,255,255,1);border:none;\"><div  class=\"fusion-masonry-element-container lazyload fusion-image-wrapper\" style=\"padding-top:calc((100% + 30px) * 0.4 - 15px);\" data-bg=\"https:\/\/www.airchecklab.com\/wp-content\/uploads\/2025\/11\/AdobeStock_864281163-scaled.jpeg\" aria-haspopup=\"true\">\n\t\t\t\t<img width=\"2560\" height=\"1524\" src=\"https:\/\/www.airchecklab.com\/wp-content\/uploads\/2025\/11\/AdobeStock_864281163-scaled.jpeg\" class=\"attachment-full size-full lazyload wp-post-image\" alt=\"\" decoding=\"async\" srcset=\"data:image\/svg+xml,%3Csvg%20xmlns%3D%27http%3A%2F%2Fwww.w3.org%2F2000%2Fsvg%27%20width%3D%272560%27%20height%3D%271524%27%20viewBox%3D%270%200%202560%201524%27%3E%3Crect%20width%3D%272560%27%20height%3D%271524%27%20fill-opacity%3D%220%22%2F%3E%3C%2Fsvg%3E\" data-orig-src=\"https:\/\/www.airchecklab.com\/wp-content\/uploads\/2025\/11\/AdobeStock_864281163-scaled.jpeg\" data-srcset=\"https:\/\/www.airchecklab.com\/wp-content\/uploads\/2025\/11\/AdobeStock_864281163-200x119.jpeg 200w, https:\/\/www.airchecklab.com\/wp-content\/uploads\/2025\/11\/AdobeStock_864281163-400x238.jpeg 400w, https:\/\/www.airchecklab.com\/wp-content\/uploads\/2025\/11\/AdobeStock_864281163-600x357.jpeg 600w, https:\/\/www.airchecklab.com\/wp-content\/uploads\/2025\/11\/AdobeStock_864281163-800x476.jpeg 800w, https:\/\/www.airchecklab.com\/wp-content\/uploads\/2025\/11\/AdobeStock_864281163-1200x715.jpeg 1200w, https:\/\/www.airchecklab.com\/wp-content\/uploads\/2025\/11\/AdobeStock_864281163-scaled.jpeg 2560w\" data-sizes=\"auto\" \/><div class=\"fusion-rollover\">\n\t<div class=\"fusion-rollover-content\">\n\n\t\t\t\t\t\t\t\t\t\t\t\t\t\t<a class=\"fusion-rollover-link\" href=\"https:\/\/www.airchecklab.com\/es\/respirando-aire\/con-que-frecuencia-debo-analizar-mi-aire-respirable-comprimido\/\">\u00bfCon qu\u00e9 frecuencia debo analizar mi aire respirable comprimido?<\/a>\n\t\t\t\n\t\t\t\t\t\t\t\t\n\t\t\n\t\t\t\t\t\t\t\t\t\t\t\t<h4 class=\"fusion-rollover-title\">\n\t\t\t\t\t<a class=\"fusion-rollover-title-link\" href=\"https:\/\/www.airchecklab.com\/es\/respirando-aire\/con-que-frecuencia-debo-analizar-mi-aire-respirable-comprimido\/\">\n\t\t\t\t\t\t\u00bfCon qu\u00e9 frecuencia debo analizar mi aire respirable comprimido?\t\t\t\t\t<\/a>\n\t\t\t\t<\/h4>\n\t\t\t\n\t\t\t\t\t\t\t\t\n\t\t\n\t\t\t\t\t\t<a class=\"fusion-link-wrapper\" href=\"https:\/\/www.airchecklab.com\/es\/respirando-aire\/con-que-frecuencia-debo-analizar-mi-aire-respirable-comprimido\/\" aria-label=\"\u00bfCon qu\u00e9 frecuencia debo analizar mi aire respirable comprimido?\"><\/a>\n\t<\/div>\n<\/div>\n<\/div>\n<div class=\"fusion-post-content-wrapper\" style=\"padding:30px 25px 20px 25px;background-color:rgba(255,255,255,1);\"><div class=\"fusion-post-content post-content\"><h2 class=\"blog-shortcode-post-title entry-title\">\u00bfCon qu\u00e9 frecuencia debo analizar mi aire respirable comprimido?<\/h2><p class=\"fusion-single-line-meta\">By <span class=\"vcard\"><span class=\"fn\"><a href=\"https:\/\/www.airchecklab.com\/es\/author\/jenny\/\" title=\"Entradas de Jenny Palkowitsh\" rel=\"author\">Jenny Palkowitsh<\/a><\/span><\/span><span class=\"fusion-inline-sep\">|<\/span><span class=\"updated\" style=\"display:none;\">2025-11-25T08:37:27-06:00<\/span><span>noviembre 13th, 2025<\/span><span class=\"fusion-inline-sep\">|<\/span>Categories: <a href=\"https:\/\/www.airchecklab.com\/es\/category\/bucear\/\" rel=\"category tag\">Bucear<\/a>, <a href=\"https:\/\/www.airchecklab.com\/es\/category\/educacion\/\" rel=\"category tag\">Educaci\u00f3n<\/a>, <a href=\"https:\/\/www.airchecklab.com\/es\/category\/fuego\/\" rel=\"category tag\">Fuego<\/a>, <a href=\"https:\/\/www.airchecklab.com\/es\/category\/respirando-aire\/\" rel=\"category tag\">Respirando aire<\/a><span class=\"fusion-inline-sep\">|<\/span><span class=\"meta-tags\">Tags: <a href=\"https:\/\/www.airchecklab.com\/es\/tag\/aire-de-buceo\/\" rel=\"tag\">aire de buceo<\/a>, <a href=\"https:\/\/www.airchecklab.com\/es\/tag\/aire-para-submarinistas\/\" rel=\"tag\">aire para submarinistas<\/a>, <a href=\"https:\/\/www.airchecklab.com\/es\/tag\/aire-respirable-comprimido\/\" rel=\"tag\">aire respirable comprimido<\/a>, <a href=\"https:\/\/www.airchecklab.com\/es\/tag\/aire-respirable-para-bomberos\/\" rel=\"tag\">aire respirable para bomberos<\/a>, <a href=\"https:\/\/www.airchecklab.com\/es\/tag\/con-que-frecuencia-debo-analizar-mi-aire\/\" rel=\"tag\">con qu\u00e9 frecuencia debo analizar mi aire<\/a>, <a href=\"https:\/\/www.airchecklab.com\/es\/tag\/frecuencia-de-las-pruebas\/\" rel=\"tag\">frecuencia de las pruebas<\/a>, <a href=\"https:\/\/www.airchecklab.com\/es\/tag\/frecuencia-de-las-pruebas-de-aire-respirable\/\" rel=\"tag\">frecuencia de las pruebas de aire respirable<\/a>, <a href=\"https:\/\/www.airchecklab.com\/es\/tag\/nfpa-1989-es\/\" rel=\"tag\">NFPA 1989<\/a>, <a href=\"https:\/\/www.airchecklab.com\/es\/tag\/nfpa-aire-respirable\/\" rel=\"tag\">nfpa aire respirable<\/a>, <a href=\"https:\/\/www.airchecklab.com\/es\/tag\/osha-aire-comprimido\/\" rel=\"tag\">osha aire comprimido<\/a>, <a href=\"https:\/\/www.airchecklab.com\/es\/tag\/osha-respirando-aire\/\" rel=\"tag\">osha respirando aire<\/a>, <a href=\"https:\/\/www.airchecklab.com\/es\/tag\/padi-es\/\" rel=\"tag\">PADI<\/a>, <a href=\"https:\/\/www.airchecklab.com\/es\/tag\/prueba-de-aire-comprimido\/\" rel=\"tag\">prueba de aire comprimido<\/a>, <a href=\"https:\/\/www.airchecklab.com\/es\/tag\/prueba-de-aire-respirable\/\" rel=\"tag\">prueba de aire respirable<\/a>, <a href=\"https:\/\/www.airchecklab.com\/es\/tag\/requisitos-osha\/\" rel=\"tag\">requisitos osha<\/a><\/span><span class=\"fusion-inline-sep\">|<\/span><\/p><div class=\"fusion-post-content-container\"><p>\u00bfCu\u00e1ndo fu [...]<\/p><\/div><\/div><div class=\"fusion-meta-info\"><div class=\"fusion-alignleft\"><a class=\"fusion-read-more\" href=\"https:\/\/www.airchecklab.com\/es\/respirando-aire\/con-que-frecuencia-debo-analizar-mi-aire-respirable-comprimido\/\" aria-label=\"More on \u00bfCon qu\u00e9 frecuencia debo analizar mi aire respirable comprimido?\">Read More<\/a><\/div><div class=\"fusion-alignright\"><span>Comentarios desactivados<span class=\"screen-reader-text\"> en \u00bfCon qu\u00e9 frecuencia debo analizar mi aire respirable comprimido?<\/span><\/span><\/div><\/div><\/div><div class=\"fusion-clearfix\"><\/div><\/div>\n<\/article>\n<article id=\"blog-1-post-31733\" class=\"fusion-post-masonry fusion-post-grid fusion-element-landscape fusion-element-portrait post-31733 post type-post status-publish format-standard has-post-thumbnail hentry category-comida category-educacion category-fabricacion category-webinar-es tag-aire-comprimido-y-gas tag-control-del-aire-comprimido tag-evaluacion-de-riesgos tag-fabricacion-de-alimentos tag-iso-8573-es tag-planes-de-seguimiento tag-prueba-de-aire-comprimido tag-pruebas-de-calidad-del-aire tag-seguridad-alimenticia tag-seminario-web\">\n<div class=\"fusion-post-wrapper fusion-masonary-is-transparent \" style=\"background-color:rgba(255,255,255,1);border:none;\"><div  class=\"fusion-masonry-element-container lazyload fusion-image-wrapper\" style=\"padding-top:calc((100% + 30px) * 0.8);\" data-bg=\"https:\/\/www.airchecklab.com\/wp-content\/uploads\/2025\/05\/woman-regulator-checking-food-facility-scaled.jpeg\" aria-haspopup=\"true\">\n\t\t\t\t<img width=\"2560\" height=\"1707\" src=\"https:\/\/www.airchecklab.com\/wp-content\/uploads\/2025\/05\/woman-regulator-checking-food-facility-scaled.jpeg\" class=\"attachment-full size-full lazyload wp-post-image\" alt=\"compressed air quality testing checklist for iso 8573\" decoding=\"async\" srcset=\"data:image\/svg+xml,%3Csvg%20xmlns%3D%27http%3A%2F%2Fwww.w3.org%2F2000%2Fsvg%27%20width%3D%272560%27%20height%3D%271707%27%20viewBox%3D%270%200%202560%201707%27%3E%3Crect%20width%3D%272560%27%20height%3D%271707%27%20fill-opacity%3D%220%22%2F%3E%3C%2Fsvg%3E\" data-orig-src=\"https:\/\/www.airchecklab.com\/wp-content\/uploads\/2025\/05\/woman-regulator-checking-food-facility-scaled.jpeg\" data-srcset=\"https:\/\/www.airchecklab.com\/wp-content\/uploads\/2025\/05\/woman-regulator-checking-food-facility-200x133.jpeg 200w, https:\/\/www.airchecklab.com\/wp-content\/uploads\/2025\/05\/woman-regulator-checking-food-facility-400x267.jpeg 400w, https:\/\/www.airchecklab.com\/wp-content\/uploads\/2025\/05\/woman-regulator-checking-food-facility-600x400.jpeg 600w, https:\/\/www.airchecklab.com\/wp-content\/uploads\/2025\/05\/woman-regulator-checking-food-facility-800x533.jpeg 800w, https:\/\/www.airchecklab.com\/wp-content\/uploads\/2025\/05\/woman-regulator-checking-food-facility-1200x800.jpeg 1200w, https:\/\/www.airchecklab.com\/wp-content\/uploads\/2025\/05\/woman-regulator-checking-food-facility-scaled.jpeg 2560w\" data-sizes=\"auto\" \/><div class=\"fusion-rollover\">\n\t<div class=\"fusion-rollover-content\">\n\n\t\t\t\t\t\t\t\t\t\t\t\t\t\t<a class=\"fusion-rollover-link\" href=\"https:\/\/www.airchecklab.com\/es\/educacion\/garantizar-la-seguridad-alimentaria-guia-completa-de-pruebas-de-calidad-del-aire-comprimido\/\">Garantizar la seguridad alimentaria: Gu\u00eda completa de pruebas de calidad del aire comprimido<\/a>\n\t\t\t\n\t\t\t\t\t\t\t\t\n\t\t\n\t\t\t\t\t\t\t\t\t\t\t\t<h4 class=\"fusion-rollover-title\">\n\t\t\t\t\t<a class=\"fusion-rollover-title-link\" href=\"https:\/\/www.airchecklab.com\/es\/educacion\/garantizar-la-seguridad-alimentaria-guia-completa-de-pruebas-de-calidad-del-aire-comprimido\/\">\n\t\t\t\t\t\tGarantizar la seguridad alimentaria: Gu\u00eda completa de pruebas de calidad del aire comprimido\t\t\t\t\t<\/a>\n\t\t\t\t<\/h4>\n\t\t\t\n\t\t\t\t\t\t\t\t\n\t\t\n\t\t\t\t\t\t<a class=\"fusion-link-wrapper\" href=\"https:\/\/www.airchecklab.com\/es\/educacion\/garantizar-la-seguridad-alimentaria-guia-completa-de-pruebas-de-calidad-del-aire-comprimido\/\" aria-label=\"Garantizar la seguridad alimentaria: Gu\u00eda completa de pruebas de calidad del aire comprimido\"><\/a>\n\t<\/div>\n<\/div>\n<\/div>\n<div class=\"fusion-post-content-wrapper\" style=\"padding:30px 25px 20px 25px;background-color:rgba(255,255,255,1);\"><div class=\"fusion-post-content post-content\"><h2 class=\"blog-shortcode-post-title entry-title\">Garantizar la seguridad alimentaria: Gu\u00eda completa de pruebas de calidad del aire comprimido<\/h2><p class=\"fusion-single-line-meta\">By <span class=\"vcard\"><span class=\"fn\"><a href=\"https:\/\/www.airchecklab.com\/es\/author\/jenny\/\" title=\"Entradas de Jenny Palkowitsh\" rel=\"author\">Jenny Palkowitsh<\/a><\/span><\/span><span class=\"fusion-inline-sep\">|<\/span><span class=\"updated\" style=\"display:none;\">2025-09-19T10:15:33-06:00<\/span><span>septiembre 19th, 2025<\/span><span class=\"fusion-inline-sep\">|<\/span>Categories: <a href=\"https:\/\/www.airchecklab.com\/es\/category\/comida\/\" rel=\"category tag\">Comida<\/a>, <a href=\"https:\/\/www.airchecklab.com\/es\/category\/educacion\/\" rel=\"category tag\">Educaci\u00f3n<\/a>, <a href=\"https:\/\/www.airchecklab.com\/es\/category\/fabricacion\/\" rel=\"category tag\">Fabricaci\u00f3n<\/a>, <a href=\"https:\/\/www.airchecklab.com\/es\/category\/webinar-es\/\" rel=\"category tag\">Webinar<\/a><span class=\"fusion-inline-sep\">|<\/span><span class=\"meta-tags\">Tags: <a href=\"https:\/\/www.airchecklab.com\/es\/tag\/aire-comprimido-y-gas\/\" rel=\"tag\">aire comprimido y gas<\/a>, <a href=\"https:\/\/www.airchecklab.com\/es\/tag\/control-del-aire-comprimido\/\" rel=\"tag\">control del aire comprimido<\/a>, <a href=\"https:\/\/www.airchecklab.com\/es\/tag\/evaluacion-de-riesgos\/\" rel=\"tag\">Evaluaci\u00f3n de riesgos<\/a>, <a href=\"https:\/\/www.airchecklab.com\/es\/tag\/fabricacion-de-alimentos\/\" rel=\"tag\">fabricaci\u00f3n de alimentos<\/a>, <a href=\"https:\/\/www.airchecklab.com\/es\/tag\/iso-8573-es\/\" rel=\"tag\">ISO 8573<\/a>, <a href=\"https:\/\/www.airchecklab.com\/es\/tag\/planes-de-seguimiento\/\" rel=\"tag\">Planes de seguimiento<\/a>, <a href=\"https:\/\/www.airchecklab.com\/es\/tag\/prueba-de-aire-comprimido\/\" rel=\"tag\">prueba de aire comprimido<\/a>, <a href=\"https:\/\/www.airchecklab.com\/es\/tag\/pruebas-de-calidad-del-aire\/\" rel=\"tag\">pruebas de calidad del aire<\/a>, <a href=\"https:\/\/www.airchecklab.com\/es\/tag\/seguridad-alimenticia\/\" rel=\"tag\">Seguridad alimenticia<\/a>, <a href=\"https:\/\/www.airchecklab.com\/es\/tag\/seminario-web\/\" rel=\"tag\">seminario web<\/a><\/span><span class=\"fusion-inline-sep\">|<\/span><\/p><div class=\"fusion-post-content-container\"><p>El aire co [...]<\/p><\/div><\/div><div class=\"fusion-meta-info\"><div class=\"fusion-alignleft\"><a class=\"fusion-read-more\" href=\"https:\/\/www.airchecklab.com\/es\/educacion\/garantizar-la-seguridad-alimentaria-guia-completa-de-pruebas-de-calidad-del-aire-comprimido\/\" aria-label=\"More on Garantizar la seguridad alimentaria: Gu\u00eda completa de pruebas de calidad del aire comprimido\">Read More<\/a><\/div><div class=\"fusion-alignright\"><span>Comentarios desactivados<span class=\"screen-reader-text\"> en Garantizar la seguridad alimentaria: Gu\u00eda completa de pruebas de calidad del aire comprimido<\/span><\/span><\/div><\/div><\/div><div class=\"fusion-clearfix\"><\/div><\/div>\n<\/article>\n<article id=\"blog-1-post-31730\" class=\"fusion-post-masonry fusion-post-grid fusion-element-landscape fusion-element-portrait post-31730 post type-post status-publish format-standard has-post-thumbnail hentry category-comida category-educacion category-fabricacion category-microbiologico category-webinar-es tag-contaminacion-del-aire-comprimido tag-evaluacion-de-riesgos tag-iso-8573-es tag-planes-de-seguimiento tag-seminario-web tag-seminario-web-ifsqn\">\n<div class=\"fusion-post-wrapper fusion-masonary-is-transparent \" style=\"background-color:rgba(255,255,255,1);border:none;\"><div  class=\"fusion-masonry-element-container lazyload fusion-image-wrapper\" style=\"padding-top:calc((100% + 30px) * 0.8);\" data-bg=\"https:\/\/www.airchecklab.com\/wp-content\/uploads\/2025\/05\/food-manufacturer-risk-assessment-scaled.jpeg\" aria-haspopup=\"true\">\n\t\t\t\t<img width=\"2560\" height=\"1709\" src=\"https:\/\/www.airchecklab.com\/wp-content\/uploads\/2025\/05\/food-manufacturer-risk-assessment-scaled.jpeg\" class=\"attachment-full size-full lazyload wp-post-image\" alt=\"Sources of Compressed Air Contamination in Manufacturing\" decoding=\"async\" srcset=\"data:image\/svg+xml,%3Csvg%20xmlns%3D%27http%3A%2F%2Fwww.w3.org%2F2000%2Fsvg%27%20width%3D%272560%27%20height%3D%271709%27%20viewBox%3D%270%200%202560%201709%27%3E%3Crect%20width%3D%272560%27%20height%3D%271709%27%20fill-opacity%3D%220%22%2F%3E%3C%2Fsvg%3E\" data-orig-src=\"https:\/\/www.airchecklab.com\/wp-content\/uploads\/2025\/05\/food-manufacturer-risk-assessment-scaled.jpeg\" data-srcset=\"https:\/\/www.airchecklab.com\/wp-content\/uploads\/2025\/05\/food-manufacturer-risk-assessment-200x133.jpeg 200w, https:\/\/www.airchecklab.com\/wp-content\/uploads\/2025\/05\/food-manufacturer-risk-assessment-400x267.jpeg 400w, https:\/\/www.airchecklab.com\/wp-content\/uploads\/2025\/05\/food-manufacturer-risk-assessment-600x400.jpeg 600w, https:\/\/www.airchecklab.com\/wp-content\/uploads\/2025\/05\/food-manufacturer-risk-assessment-800x534.jpeg 800w, https:\/\/www.airchecklab.com\/wp-content\/uploads\/2025\/05\/food-manufacturer-risk-assessment-1200x801.jpeg 1200w, https:\/\/www.airchecklab.com\/wp-content\/uploads\/2025\/05\/food-manufacturer-risk-assessment-scaled.jpeg 2560w\" data-sizes=\"auto\" \/><div class=\"fusion-rollover\">\n\t<div class=\"fusion-rollover-content\">\n\n\t\t\t\t\t\t\t\t\t\t\t\t\t\t<a class=\"fusion-rollover-link\" href=\"https:\/\/www.airchecklab.com\/es\/educacion\/el-riesgo-oculto-en-tus-instalaciones-comprender-la-contaminacion-del-aire-comprimido\/\">El riesgo oculto en tus instalaciones: Comprender la contaminaci\u00f3n del aire comprimido<\/a>\n\t\t\t\n\t\t\t\t\t\t\t\t\n\t\t\n\t\t\t\t\t\t\t\t\t\t\t\t<h4 class=\"fusion-rollover-title\">\n\t\t\t\t\t<a class=\"fusion-rollover-title-link\" href=\"https:\/\/www.airchecklab.com\/es\/educacion\/el-riesgo-oculto-en-tus-instalaciones-comprender-la-contaminacion-del-aire-comprimido\/\">\n\t\t\t\t\t\tEl riesgo oculto en tus instalaciones: Comprender la contaminaci\u00f3n del aire comprimido\t\t\t\t\t<\/a>\n\t\t\t\t<\/h4>\n\t\t\t\n\t\t\t\t\t\t\t\t\n\t\t\n\t\t\t\t\t\t<a class=\"fusion-link-wrapper\" href=\"https:\/\/www.airchecklab.com\/es\/educacion\/el-riesgo-oculto-en-tus-instalaciones-comprender-la-contaminacion-del-aire-comprimido\/\" aria-label=\"El riesgo oculto en tus instalaciones: Comprender la contaminaci\u00f3n del aire comprimido\"><\/a>\n\t<\/div>\n<\/div>\n<\/div>\n<div class=\"fusion-post-content-wrapper\" style=\"padding:30px 25px 20px 25px;background-color:rgba(255,255,255,1);\"><div class=\"fusion-post-content post-content\"><h2 class=\"blog-shortcode-post-title entry-title\">El riesgo oculto en tus instalaciones: Comprender la contaminaci\u00f3n del aire comprimido<\/h2><p class=\"fusion-single-line-meta\">By <span class=\"vcard\"><span class=\"fn\"><a href=\"https:\/\/www.airchecklab.com\/es\/author\/jenny\/\" title=\"Entradas de Jenny Palkowitsh\" rel=\"author\">Jenny Palkowitsh<\/a><\/span><\/span><span class=\"fusion-inline-sep\">|<\/span><span class=\"updated\" style=\"display:none;\">2025-08-08T13:04:06-06:00<\/span><span>agosto 8th, 2025<\/span><span class=\"fusion-inline-sep\">|<\/span>Categories: <a href=\"https:\/\/www.airchecklab.com\/es\/category\/comida\/\" rel=\"category tag\">Comida<\/a>, <a href=\"https:\/\/www.airchecklab.com\/es\/category\/educacion\/\" rel=\"category tag\">Educaci\u00f3n<\/a>, <a href=\"https:\/\/www.airchecklab.com\/es\/category\/fabricacion\/\" rel=\"category tag\">Fabricaci\u00f3n<\/a>, <a href=\"https:\/\/www.airchecklab.com\/es\/category\/microbiologico\/\" rel=\"category tag\">Microbiol\u00f3gico<\/a>, <a href=\"https:\/\/www.airchecklab.com\/es\/category\/webinar-es\/\" rel=\"category tag\">Webinar<\/a><span class=\"fusion-inline-sep\">|<\/span><span class=\"meta-tags\">Tags: <a href=\"https:\/\/www.airchecklab.com\/es\/tag\/contaminacion-del-aire-comprimido\/\" rel=\"tag\">contaminaci\u00f3n del aire comprimido<\/a>, <a href=\"https:\/\/www.airchecklab.com\/es\/tag\/evaluacion-de-riesgos\/\" rel=\"tag\">Evaluaci\u00f3n de riesgos<\/a>, <a href=\"https:\/\/www.airchecklab.com\/es\/tag\/iso-8573-es\/\" rel=\"tag\">ISO 8573<\/a>, <a href=\"https:\/\/www.airchecklab.com\/es\/tag\/planes-de-seguimiento\/\" rel=\"tag\">Planes de seguimiento<\/a>, <a href=\"https:\/\/www.airchecklab.com\/es\/tag\/seminario-web\/\" rel=\"tag\">seminario web<\/a>, <a href=\"https:\/\/www.airchecklab.com\/es\/tag\/seminario-web-ifsqn\/\" rel=\"tag\">Seminario web IFSQN<\/a><\/span><span class=\"fusion-inline-sep\">|<\/span><\/p><div class=\"fusion-post-content-container\"><p>A menudo s [...]<\/p><\/div><\/div><div class=\"fusion-meta-info\"><div class=\"fusion-alignleft\"><a class=\"fusion-read-more\" href=\"https:\/\/www.airchecklab.com\/es\/educacion\/el-riesgo-oculto-en-tus-instalaciones-comprender-la-contaminacion-del-aire-comprimido\/\" aria-label=\"More on El riesgo oculto en tus instalaciones: Comprender la contaminaci\u00f3n del aire comprimido\">Read More<\/a><\/div><div class=\"fusion-alignright\"><span>Comentarios desactivados<span class=\"screen-reader-text\"> en El riesgo oculto en tus instalaciones: Comprender la contaminaci\u00f3n del aire comprimido<\/span><\/span><\/div><\/div><\/div><div class=\"fusion-clearfix\"><\/div><\/div>\n<\/article>\n<article id=\"blog-1-post-31620\" class=\"fusion-post-masonry fusion-post-grid fusion-element-landscape fusion-element-portrait post-31620 post type-post status-publish format-standard has-post-thumbnail hentry category-educacion category-fabricacion category-sin-categorizar-es-2 tag-aceite-total tag-aerosol-de-aceite tag-aire-comprimido tag-analisis-de-seguimiento tag-hidrocarburos tag-hidrocarburos-volatiles-totales tag-iso-8573-es tag-laboratorio-aircheck-es tag-prueba-de-aire-comprimido tag-pruebas-de-gas-comprimido tag-vapor-de-aceite\">\n<div class=\"fusion-post-wrapper fusion-masonary-is-transparent \" style=\"background-color:rgba(255,255,255,1);border:none;\"><div  class=\"fusion-masonry-element-container lazyload fusion-image-wrapper\" style=\"padding-top:calc((100% + 30px) * 0.8);\" data-bg=\"https:\/\/www.airchecklab.com\/wp-content\/uploads\/2025\/05\/pawel-czerwinski-NttQeISxYko-unsplash-1-scaled.jpg\" aria-haspopup=\"true\">\n\t\t\t\t<img width=\"2326\" height=\"2560\" src=\"https:\/\/www.airchecklab.com\/wp-content\/uploads\/2025\/05\/pawel-czerwinski-NttQeISxYko-unsplash-1-scaled.jpg\" class=\"attachment-full size-full lazyload wp-post-image\" alt=\"hydrocarbon testing in compressed air with Trace Analytics\" decoding=\"async\" srcset=\"data:image\/svg+xml,%3Csvg%20xmlns%3D%27http%3A%2F%2Fwww.w3.org%2F2000%2Fsvg%27%20width%3D%272326%27%20height%3D%272560%27%20viewBox%3D%270%200%202326%202560%27%3E%3Crect%20width%3D%272326%27%20height%3D%272560%27%20fill-opacity%3D%220%22%2F%3E%3C%2Fsvg%3E\" data-orig-src=\"https:\/\/www.airchecklab.com\/wp-content\/uploads\/2025\/05\/pawel-czerwinski-NttQeISxYko-unsplash-1-scaled.jpg\" data-srcset=\"https:\/\/www.airchecklab.com\/wp-content\/uploads\/2025\/05\/pawel-czerwinski-NttQeISxYko-unsplash-1-200x220.jpg 200w, https:\/\/www.airchecklab.com\/wp-content\/uploads\/2025\/05\/pawel-czerwinski-NttQeISxYko-unsplash-1-400x440.jpg 400w, https:\/\/www.airchecklab.com\/wp-content\/uploads\/2025\/05\/pawel-czerwinski-NttQeISxYko-unsplash-1-600x660.jpg 600w, https:\/\/www.airchecklab.com\/wp-content\/uploads\/2025\/05\/pawel-czerwinski-NttQeISxYko-unsplash-1-800x880.jpg 800w, https:\/\/www.airchecklab.com\/wp-content\/uploads\/2025\/05\/pawel-czerwinski-NttQeISxYko-unsplash-1-1200x1321.jpg 1200w, https:\/\/www.airchecklab.com\/wp-content\/uploads\/2025\/05\/pawel-czerwinski-NttQeISxYko-unsplash-1-scaled.jpg 2326w\" data-sizes=\"auto\" \/><div class=\"fusion-rollover\">\n\t<div class=\"fusion-rollover-content\">\n\n\t\t\t\t\t\t\t\t\t\t\t\t\t\t<a class=\"fusion-rollover-link\" href=\"https:\/\/www.airchecklab.com\/es\/educacion\/ventajas-de-la-identificacion-de-hidrocarburos-en-el-aire-comprimido\/\">Ventajas de la identificaci\u00f3n de hidrocarburos en el aire comprimido<\/a>\n\t\t\t\n\t\t\t\t\t\t\t\t\n\t\t\n\t\t\t\t\t\t\t\t\t\t\t\t<h4 class=\"fusion-rollover-title\">\n\t\t\t\t\t<a class=\"fusion-rollover-title-link\" href=\"https:\/\/www.airchecklab.com\/es\/educacion\/ventajas-de-la-identificacion-de-hidrocarburos-en-el-aire-comprimido\/\">\n\t\t\t\t\t\tVentajas de la identificaci\u00f3n de hidrocarburos en el aire comprimido\t\t\t\t\t<\/a>\n\t\t\t\t<\/h4>\n\t\t\t\n\t\t\t\t\t\t\t\t\n\t\t\n\t\t\t\t\t\t<a class=\"fusion-link-wrapper\" href=\"https:\/\/www.airchecklab.com\/es\/educacion\/ventajas-de-la-identificacion-de-hidrocarburos-en-el-aire-comprimido\/\" aria-label=\"Ventajas de la identificaci\u00f3n de hidrocarburos en el aire comprimido\"><\/a>\n\t<\/div>\n<\/div>\n<\/div>\n<div class=\"fusion-post-content-wrapper\" style=\"padding:30px 25px 20px 25px;background-color:rgba(255,255,255,1);\"><div class=\"fusion-post-content post-content\"><h2 class=\"blog-shortcode-post-title entry-title\">Ventajas de la identificaci\u00f3n de hidrocarburos en el aire comprimido<\/h2><p class=\"fusion-single-line-meta\">By <span class=\"vcard\"><span class=\"fn\"><a href=\"https:\/\/www.airchecklab.com\/es\/author\/jenny\/\" title=\"Entradas de Jenny Palkowitsh\" rel=\"author\">Jenny Palkowitsh<\/a><\/span><\/span><span class=\"fusion-inline-sep\">|<\/span><span class=\"updated\" style=\"display:none;\">2025-05-12T09:54:26-06:00<\/span><span>mayo 2nd, 2025<\/span><span class=\"fusion-inline-sep\">|<\/span>Categories: <a href=\"https:\/\/www.airchecklab.com\/es\/category\/educacion\/\" rel=\"category tag\">Educaci\u00f3n<\/a>, <a href=\"https:\/\/www.airchecklab.com\/es\/category\/fabricacion\/\" rel=\"category tag\">Fabricaci\u00f3n<\/a>, <a href=\"https:\/\/www.airchecklab.com\/es\/category\/sin-categorizar-es-2\/\" rel=\"category tag\">Sin categorizar<\/a><span class=\"fusion-inline-sep\">|<\/span><span class=\"meta-tags\">Tags: <a href=\"https:\/\/www.airchecklab.com\/es\/tag\/aceite-total\/\" rel=\"tag\">aceite total<\/a>, <a href=\"https:\/\/www.airchecklab.com\/es\/tag\/aerosol-de-aceite\/\" rel=\"tag\">aerosol de aceite<\/a>, <a href=\"https:\/\/www.airchecklab.com\/es\/tag\/aire-comprimido\/\" rel=\"tag\">aire comprimido<\/a>, <a href=\"https:\/\/www.airchecklab.com\/es\/tag\/analisis-de-seguimiento\/\" rel=\"tag\">An\u00e1lisis de seguimiento<\/a>, <a href=\"https:\/\/www.airchecklab.com\/es\/tag\/hidrocarburos\/\" rel=\"tag\">hidrocarburos<\/a>, <a href=\"https:\/\/www.airchecklab.com\/es\/tag\/hidrocarburos-volatiles-totales\/\" rel=\"tag\">hidrocarburos vol\u00e1tiles totales<\/a>, <a href=\"https:\/\/www.airchecklab.com\/es\/tag\/iso-8573-es\/\" rel=\"tag\">ISO 8573<\/a>, <a href=\"https:\/\/www.airchecklab.com\/es\/tag\/laboratorio-aircheck-es\/\" rel=\"tag\">laboratorio aircheck<\/a>, <a href=\"https:\/\/www.airchecklab.com\/es\/tag\/prueba-de-aire-comprimido\/\" rel=\"tag\">prueba de aire comprimido<\/a>, <a href=\"https:\/\/www.airchecklab.com\/es\/tag\/pruebas-de-gas-comprimido\/\" rel=\"tag\">pruebas de gas comprimido<\/a>, <a href=\"https:\/\/www.airchecklab.com\/es\/tag\/vapor-de-aceite\/\" rel=\"tag\">vapor de aceite<\/a><\/span><span class=\"fusion-inline-sep\">|<\/span><\/p><div class=\"fusion-post-content-container\"><p><\/p><p>El aire [...]<\/p><\/div><\/div><div class=\"fusion-meta-info\"><div class=\"fusion-alignleft\"><a class=\"fusion-read-more\" href=\"https:\/\/www.airchecklab.com\/es\/educacion\/ventajas-de-la-identificacion-de-hidrocarburos-en-el-aire-comprimido\/\" aria-label=\"More on Ventajas de la identificaci\u00f3n de hidrocarburos en el aire comprimido\">Read More<\/a><\/div><div class=\"fusion-alignright\"><span>Comentarios desactivados<span class=\"screen-reader-text\"> en Ventajas de la identificaci\u00f3n de hidrocarburos en el aire comprimido<\/span><\/span><\/div><\/div><\/div><div class=\"fusion-clearfix\"><\/div><\/div>\n<\/article>\n<div class=\"fusion-clearfix\"><\/div><\/div><div class=\"pagination clearfix\"><span class=\"current\">1<\/span><a href=\"https:\/\/www.airchecklab.com\/es\/wp-json\/wp\/v2\/pages\/22772\/page\/2\/\" class=\"inactive\">2<\/a><a class=\"pagination-next\" rel=\"next\" href=\"https:\/\/www.airchecklab.com\/es\/wp-json\/wp\/v2\/pages\/22772\/page\/2\/\"><span class=\"page-text\">Next<\/span><span class=\"page-next\"><\/span><\/a><\/div><div class=\"fusion-clearfix\"><\/div><\/div><\/div><\/div><\/div><\/div>\n","protected":false},"excerpt":{"rendered":"","protected":false},"author":1,"featured_media":0,"parent":0,"menu_order":0,"comment_status":"closed","ping_status":"closed","template":"","meta":{"content-type":""},"yoast_head":"<!-- This site is optimized with the Yoast SEO Premium plugin v20.0 (Yoast SEO v20.0) - https:\/\/yoast.com\/wordpress\/plugins\/seo\/ -->\n<title>Blog Prueba Avada - Trace Analytics, the AirCheck Lab<\/title>\n<meta name=\"robots\" content=\"index, follow, max-snippet:-1, max-image-preview:large, max-video-preview:-1\" \/>\n<link rel=\"canonical\" href=\"https:\/\/www.airchecklab.com\/es\/blog-prueba-avada\/\" \/>\n<meta property=\"og:locale\" content=\"es_ES\" \/>\n<meta property=\"og:type\" content=\"article\" \/>\n<meta property=\"og:title\" content=\"Blog Prueba Avada\" \/>\n<meta property=\"og:url\" content=\"https:\/\/www.airchecklab.com\/es\/blog-prueba-avada\/\" \/>\n<meta property=\"og:site_name\" content=\"Trace Analytics, the AirCheck Lab\" \/>\n<meta property=\"article:modified_time\" content=\"2021-12-27T16:11:31+00:00\" \/>\n<meta name=\"twitter:card\" content=\"summary_large_image\" \/>\n<meta name=\"twitter:label1\" content=\"Tiempo de lectura\" \/>\n\t<meta name=\"twitter:data1\" content=\"3 minutos\" \/>\n<script type=\"application\/ld+json\" class=\"yoast-schema-graph\">{\"@context\":\"https:\/\/schema.org\",\"@graph\":[{\"@type\":\"WebPage\",\"@id\":\"https:\/\/www.airchecklab.com\/es\/blog-prueba-avada\/\",\"url\":\"https:\/\/www.airchecklab.com\/es\/blog-prueba-avada\/\",\"name\":\"Blog Prueba Avada - Trace Analytics, the AirCheck Lab\",\"isPartOf\":{\"@id\":\"\/#website\"},\"datePublished\":\"2021-12-27T16:11:14+00:00\",\"dateModified\":\"2021-12-27T16:11:31+00:00\",\"breadcrumb\":{\"@id\":\"https:\/\/www.airchecklab.com\/es\/blog-prueba-avada\/#breadcrumb\"},\"inLanguage\":\"es\",\"potentialAction\":[{\"@type\":\"ReadAction\",\"target\":[\"https:\/\/www.airchecklab.com\/es\/blog-prueba-avada\/\"]}]},{\"@type\":\"BreadcrumbList\",\"@id\":\"https:\/\/www.airchecklab.com\/es\/blog-prueba-avada\/#breadcrumb\",\"itemListElement\":[{\"@type\":\"ListItem\",\"position\":1,\"name\":\"Home\",\"item\":\"https:\/\/www.airchecklab.com\/es\/analisis-de-seguimiento-pruebas-ambientales-y-de-aire-comprimido\/\"},{\"@type\":\"ListItem\",\"position\":2,\"name\":\"Blog Prueba Avada\"}]},{\"@type\":\"WebSite\",\"@id\":\"\/#website\",\"url\":\"\/\",\"name\":\"Trace Analytics, the AirCheck Lab\",\"description\":\"Compressed Air Testing for ISO 8573, Microbial, SQF, Breathing Air\",\"publisher\":{\"@id\":\"\/#organization\"},\"potentialAction\":[{\"@type\":\"SearchAction\",\"target\":{\"@type\":\"EntryPoint\",\"urlTemplate\":\"\/?s={search_term_string}\"},\"query-input\":\"required name=search_term_string\"}],\"inLanguage\":\"es\"},{\"@type\":\"Organization\",\"@id\":\"\/#organization\",\"name\":\"Trace Analytics, LLC\",\"url\":\"\/\",\"logo\":{\"@type\":\"ImageObject\",\"inLanguage\":\"es\",\"@id\":\"\/#\/schema\/logo\/image\/\",\"url\":\"https:\/\/www.airchecklab.com\/wp-content\/uploads\/2021\/08\/Blue-01.png\",\"contentUrl\":\"https:\/\/www.airchecklab.com\/wp-content\/uploads\/2021\/08\/Blue-01.png\",\"width\":1600,\"height\":301,\"caption\":\"Trace Analytics, LLC\"},\"image\":{\"@id\":\"\/#\/schema\/logo\/image\/\"}}]}<\/script>\n<!-- \/ Yoast SEO Premium plugin. -->","yoast_head_json":{"title":"Blog Prueba Avada - Trace Analytics, the AirCheck Lab","robots":{"index":"index","follow":"follow","max-snippet":"max-snippet:-1","max-image-preview":"max-image-preview:large","max-video-preview":"max-video-preview:-1"},"canonical":"https:\/\/www.airchecklab.com\/es\/blog-prueba-avada\/","og_locale":"es_ES","og_type":"article","og_title":"Blog Prueba Avada","og_url":"https:\/\/www.airchecklab.com\/es\/blog-prueba-avada\/","og_site_name":"Trace Analytics, the AirCheck Lab","article_modified_time":"2021-12-27T16:11:31+00:00","twitter_card":"summary_large_image","twitter_misc":{"Tiempo de lectura":"3 minutos"},"schema":{"@context":"https:\/\/schema.org","@graph":[{"@type":"WebPage","@id":"https:\/\/www.airchecklab.com\/es\/blog-prueba-avada\/","url":"https:\/\/www.airchecklab.com\/es\/blog-prueba-avada\/","name":"Blog Prueba Avada - Trace Analytics, the AirCheck Lab","isPartOf":{"@id":"\/#website"},"datePublished":"2021-12-27T16:11:14+00:00","dateModified":"2021-12-27T16:11:31+00:00","breadcrumb":{"@id":"https:\/\/www.airchecklab.com\/es\/blog-prueba-avada\/#breadcrumb"},"inLanguage":"es","potentialAction":[{"@type":"ReadAction","target":["https:\/\/www.airchecklab.com\/es\/blog-prueba-avada\/"]}]},{"@type":"BreadcrumbList","@id":"https:\/\/www.airchecklab.com\/es\/blog-prueba-avada\/#breadcrumb","itemListElement":[{"@type":"ListItem","position":1,"name":"Home","item":"https:\/\/www.airchecklab.com\/es\/analisis-de-seguimiento-pruebas-ambientales-y-de-aire-comprimido\/"},{"@type":"ListItem","position":2,"name":"Blog Prueba Avada"}]},{"@type":"WebSite","@id":"\/#website","url":"\/","name":"Trace Analytics, the AirCheck Lab","description":"Compressed Air Testing for ISO 8573, Microbial, SQF, Breathing Air","publisher":{"@id":"\/#organization"},"potentialAction":[{"@type":"SearchAction","target":{"@type":"EntryPoint","urlTemplate":"\/?s={search_term_string}"},"query-input":"required name=search_term_string"}],"inLanguage":"es"},{"@type":"Organization","@id":"\/#organization","name":"Trace Analytics, LLC","url":"\/","logo":{"@type":"ImageObject","inLanguage":"es","@id":"\/#\/schema\/logo\/image\/","url":"https:\/\/www.airchecklab.com\/wp-content\/uploads\/2021\/08\/Blue-01.png","contentUrl":"https:\/\/www.airchecklab.com\/wp-content\/uploads\/2021\/08\/Blue-01.png","width":1600,"height":301,"caption":"Trace Analytics, LLC"},"image":{"@id":"\/#\/schema\/logo\/image\/"}}]}},"_links":{"self":[{"href":"https:\/\/www.airchecklab.com\/es\/wp-json\/wp\/v2\/pages\/22772"}],"collection":[{"href":"https:\/\/www.airchecklab.com\/es\/wp-json\/wp\/v2\/pages"}],"about":[{"href":"https:\/\/www.airchecklab.com\/es\/wp-json\/wp\/v2\/types\/page"}],"author":[{"embeddable":true,"href":"https:\/\/www.airchecklab.com\/es\/wp-json\/wp\/v2\/users\/1"}],"replies":[{"embeddable":true,"href":"https:\/\/www.airchecklab.com\/es\/wp-json\/wp\/v2\/comments?post=22772"}],"version-history":[{"count":1,"href":"https:\/\/www.airchecklab.com\/es\/wp-json\/wp\/v2\/pages\/22772\/revisions"}],"predecessor-version":[{"id":22786,"href":"https:\/\/www.airchecklab.com\/es\/wp-json\/wp\/v2\/pages\/22772\/revisions\/22786"}],"wp:attachment":[{"href":"https:\/\/www.airchecklab.com\/es\/wp-json\/wp\/v2\/media?parent=22772"}],"curies":[{"name":"wp","href":"https:\/\/api.w.org\/{rel}","templated":true}]}}